{"id":316,"date":"2021-12-15T20:42:46","date_gmt":"2021-12-15T19:42:46","guid":{"rendered":"https:\/\/europezinal.ch\/nos-offres\/"},"modified":"2026-04-20T10:16:09","modified_gmt":"2026-04-20T08:16:09","slug":"unsere-angebote","status":"publish","type":"page","link":"https:\/\/europezinal.ch\/de\/unsere-angebote\/","title":{"rendered":"Angebote"},"content":{"rendered":"\n<div class=\"wp-block-group\"><div class=\"wp-block-group__inner-container is-layout-flow wp-block-group-is-layout-flow\">\n\n<div id=\"banner-block_bde30e8256e5f4b5dbd787d01c06dec5\" class=\"c-block-title-page text--center mb-xs-30 mb-xs-80\">\n    <h1 class=\"title__page\"><strong>Spezielles Angebote<\/strong><\/h1>\n        <h2 class=\"title__page\">NUTZEN SIE UNSERE ANGEBOTE DAS GANZE JAHR \u00dcBER.<\/h2>\n    <\/div>\n<\/div><\/div>\n\n\n\n\n<div id=\"block-block_81613aa69ac4bcaffcaf67a452f81f21\" class=\"c-block-offre container mb-xs-70\">\n   <div class=\"c-block-offre__title\"><h2><strong>ANNIVIERS LIBERT\u00c9 &#038; MAGIC PASS<\/h2><\/strong><\/div>\n   <div class=\"flex-row flex-col-md-2 flex-col-sm-2\">\n       <div class=\"col mb-xs-40\">\n            <div class=\"c-block-offre__img\">\n                <img decoding=\"async\" src=\"https:\/\/europezinal.ch\/wp-content\/uploads\/2021\/12\/hotel-europe-zinal-offres-en-anniviers-logo-magic-pass-2@2x.png\" alt=\"\">\n            <\/div>\n            <div class=\"c-block-offre__content\">\n                <p>Magic Pass ist ein Jahresabonnement, das ab der Sommerer\u00f6ffnung der Gebiete im Mai bis zum Ende der folgenden Wintersaison g\u00fcltig ist, und freien Zugang zu allen Installationen unserer Partner bietet.<\/p>\n            <\/div>\n                        <div class=\"c-block-offre__cta\">\n                <a href=\"https:\/\/www.magicpass.ch\/fr\/\" target=\"_blank\" class=\"btn btn-secondary\">Weitere informationen<\/a>\n            <\/div>\n                   <\/div>\n       <div class=\"col mb-xs-40\">\n            <div class=\"c-block-offre__img\">\n                <img decoding=\"async\" src=\"https:\/\/europezinal.ch\/wp-content\/uploads\/2025\/06\/Logo-AL-version-2025.png\" alt=\"\">\n            <\/div>\n            <div class=\"c-block-offre__content\">\n                <p>Anniviers libert\u00e9 Leistungen: \u2013 50% Erm\u00e4ssigung f\u00fcr die Remont\u00e9es M\u00e9caniques d\u2019Anniviers, Hallenbad\/Schwimmbad, Tennispl\u00e4tze, Minigolf, freier Zutritt zu mehreren kulturellen Einrichtungen, Vergabe des Passes ab einer \u00dcbernachtung in Anniviers.<\/p>\n            <\/div>\n                        <div class=\"c-block-offre__cta\">\n                <a href=\"https:\/\/www.valdanniviers.ch\/fr\/Z15088\/pass-anniviers-liberte\" target=\"_blank\" class=\"btn btn-secondary\">Weitere informationen<\/a>\n            <\/div>\n                   <\/div>\n   <\/div>\n<\/div>\n\n\n\n\n<section id=\"banner-block_f8c0567168c8b0809272ad94419dd2fd\" class=\"c-block-text-image mb-md-150 mb-xs-70 alignright\">\n    <div class=\"c-block-text-image__grid grid\">\n        <div class=\"c-block-text-image__text-container cell-x-xs-2-12 cell-x-sm-2-7 cell-y-xs-2-1 cell-y-sm-1-2 cell-front vert-flex\">\n            <div class=\"c-block-text-image__text\">\n                <div><h2><strong><span style=\"color: #93d500;\">Belohn Dich!<\/span><\/strong><\/h2>\n<p>Profitieren Sie vom Besten im Val d\u2018Anniviers mit unserem Spezialangebot \u201eBelohn Dich!\u201c Nach einer guten Wanderung und einer Nacht in der Bergh\u00fctte, schlagen wir Ihnen vor sich im Hotel Europa auszuruhen und zu erholen.<\/p>\n<p>W\u00e4hrend der gesamten Sommersaison bieten wir Ihnen dieses Angebot zu einem pr\u00e4ferentiellen Preis an:<br \/>\n-1 \u00dcbernachtung mit Halbpension in der Bergh\u00fctte des Petit Mountet<br \/>\n-1 \u00dcbernachtung mit Fr\u00fchst\u00fcck und Zugang zu der Wellness im Hotel Europe<\/p>\n<p>&nbsp;<\/p>\n<p>Das Ganze zum Preis von CHF 320.00 f\u00fcr zwei Personen (zzgl. Kurtaxe).<\/p>\n<p><strong>Angebot g\u00fcltig vom 18. Juni bis 31. Oktober 2026<\/strong><\/p>\n<p>&nbsp;<\/p>\n<p>F\u00fcr alle Anfragen oder zum Reservieren: reservations@grimentz-zinal.ch<\/p>\n<p>Weitere Informationen \u00fcber die Cabane du Petit Mountet finden Sie <a href=\"https:\/\/www.petitmountet.ch\/\"><span style=\"color: #93d500;\"><strong>hier<\/strong><\/span><\/a><\/p>\n<\/div>\n                                <a href=\"mailto:reservations@grimentz-zinal.ch\"  class=\"btn btn-primary mt-xs-30\">Das Angebot nutzen<\/a>\n                            <\/div>\n        <\/div>\n        <div class=\"c-block-text-image__image parallax-up cell-x-xs-1-14 cell-x-sm-5-9 cell-y-xs-1-1 cell-y-sm-1-2 vert-flex\">\n            <img decoding=\"async\" src=\"https:\/\/europezinal.ch\/wp-content\/uploads\/2022\/03\/cabane-mountet-exterieur.jpg\" alt=\"\" width=1130>\n        <\/div>\n    <\/div>\n<\/section>\n\n\n\n\n<section id=\"banner-block_a5f981b0613624f2b61e92bc6893f19b\" class=\"c-block-text-image mb-md-150 mb-xs-70 alignleft\">\n    <div class=\"c-block-text-image__grid grid\">\n        <div class=\"c-block-text-image__text-container cell-x-xs-2-12 cell-x-sm-7-7 cell-y-xs-2-1 cell-y-sm-1-2 cell-front vert-flex\">\n            <div class=\"c-block-text-image__text\">\n                <div><h2><strong><span style=\"color: #93d500;\">Altitude&#8217;s Coworking :Arbeit und Vergn\u00fcgen vereinen<\/span><\/strong><\/h2>\n<p>Als Arbeitsnomade haben Sie w\u00e4hrend Ihres Aufenthalts einen Tag lang freien Zugang zum Co-Working Space und erhalten einen Vorzugspreis f\u00fcr Ihre \u00dcbernachtungen in Anniviers.<\/p>\n<p>Dieses spezielle &#8222;Coworking&#8220;-Angebot, das es Ihnen erm\u00f6glicht, in einer inspirierenden Atmosph\u00e4re zu arbeiten und Ihre Pausen in der Natur zu verbringen, umfasst:<\/p>\n<p><strong>&#8211; 10% Rabatt auf Einzelzimmer mit Fr\u00fchst\u00fcck<\/strong><br \/>\n&#8211; Hochgeschwindigkeits-WiFi-Verbindung<br \/>\n&#8211; Nutzung des Wellnessbereichs<br \/>\n&#8211; Nutzung des hoteleigenen Konferenzraums auf Anfrage<br \/>\n&#8211; 1 kostenloser Tag in einem Coworking Space Ihrer Wahl:<\/p>\n<p>Vissoie- Espace Anniviers : <a href=\"http:\/\/www.espace-anniviers.ch\">www.espace-anniviers.ch<\/a><br \/>\nGrimentz &#8211; Coworking Grimentz: <a href=\"http:\/\/www.coworking-grimentz.ch\">www.coworking-grimentz.ch<\/a><\/p>\n<p>&nbsp;<\/p>\n<p><strong>G\u00fcltigkeitsdauer: Das Angebot gilt f\u00fcr \u00dcbernachtungen von Sonntag bis Freitag in einem Einzelzimmer\u00a0<\/strong><\/p>\n<p>&nbsp;<\/p>\n<p>Reservierung: <a href=\"mailto:reservations@grimentz-zinal.ch\">reservations@grimentz-zinal.ch<\/a> mit dem Hinweis &#8222;Offre Coworking H\u00f4tel Europe&#8220;.<\/p>\n<\/div>\n                                <a href=\"mailto:reservations@grimentz-zinal.ch\" target=\"_blank\" class=\"btn btn-primary mt-xs-30\">Nutzen Sie das Angebot<\/a>\n                            <\/div>\n        <\/div>\n        <div class=\"c-block-text-image__image parallax-up cell-x-xs-1-14 cell-x-sm-2-9 cell-y-xs-1-1 cell-y-sm-1-2 vert-flex\">\n            <img decoding=\"async\" src=\"https:\/\/europezinal.ch\/wp-content\/uploads\/2023\/01\/pexels-nao-triponez-792199-scaled.jpg\" alt=\"Altitude\" width=1130>\n        <\/div>\n    <\/div>\n<\/section>\n\n\n\n\n<section id=\"banner-block_adfc2c99cf4eb143fab2be5b849bf221\" class=\"c-block-text-image mb-md-150 mb-xs-70 alignright\">\n    <div class=\"c-block-text-image__grid grid\">\n        <div class=\"c-block-text-image__text-container cell-x-xs-2-12 cell-x-sm-2-7 cell-y-xs-2-1 cell-y-sm-1-2 cell-front vert-flex\">\n            <div class=\"c-block-text-image__text\">\n                <div><h2><strong><span style=\"color: #93d500;\">DURCH DIE FARBENPR\u00c4CHTIGE LANDSCHAFT WANDERN<\/span><\/strong><\/h2>\n<p>\u2013 2 N\u00e4chte im Doppelzimmer<br \/>\n\u2013 Fr\u00fchst\u00fcck<br \/>\n\u2013 Willkommensgetr\u00e4nk an Anreise<br \/>\n\u2013 3 Gang Abendessen am Ankunftstag<br \/>\n\u2013 Ben\u00fctzung des Wellnessbereiches<br \/>\n\u2013 Eintritt ins Hallenbad (mit Montag geschlossen)<br \/>\n\u2013 50% am Bergbahnen<\/p>\n<p>&nbsp;<\/p>\n<p>Reservierung: <a href=\"mailto:reservations@grimentz-zinal.ch\">reservations@grimentz-zinal.ch<\/a> mit dem Vermerk &#8220; Herbstangebot Hotel Europa&#8220;<\/p>\n<\/div>\n                                <a href=\"mailto:reservations@grimentz-zinal.ch\"  class=\"btn btn-primary mt-xs-30\">Das Angebot nutzen<\/a>\n                            <\/div>\n        <\/div>\n        <div class=\"c-block-text-image__image parallax-up cell-x-xs-1-14 cell-x-sm-5-9 cell-y-xs-1-1 cell-y-sm-1-2 vert-flex\">\n            <img decoding=\"async\" src=\"https:\/\/europezinal.ch\/wp-content\/uploads\/2022\/05\/Tour2500_7-1-low.jpg\" alt=\"\" width=1130>\n        <\/div>\n    <\/div>\n<\/section>\n\n\n\n\n<section id=\"banner-block_b248241a689891400af85edee8d23a83\" class=\"c-block-text-image mb-md-150 mb-xs-70 alignleft\">\n    <div class=\"c-block-text-image__grid grid\">\n        <div class=\"c-block-text-image__text-container cell-x-xs-2-12 cell-x-sm-7-7 cell-y-xs-2-1 cell-y-sm-1-2 cell-front vert-flex\">\n            <div class=\"c-block-text-image__text\">\n                <div><h2><strong><span style=\"color: #93d500;\">Einzigartiges Bikeerlebnis<\/span><\/strong><\/h2>\n<p>&#8211; 2 N\u00e4chte im Doppelzimmer<br \/>\n&#8211; Vollpension<br \/>\n&#8211; Willkommensgetr\u00e4nk pro Person pro Aufenthalt<br \/>\n&#8211; 50% am Bergbahnen<br \/>\n&#8211; Eintritt ins Hallenbad (mit Montag geschlossen)<br \/>\n&#8211; Ben\u00fctzung des Wellnessbereiches<br \/>\n&#8211; Steckdosen f\u00fcr eBikes<br \/>\n&#8211; Benutzung der Werkstatt<br \/>\n&#8211; abschliessbarer Veloraum<br \/>\n&#8211; Waschplatz f\u00fcr Fahrrad \/ Bike<br \/>\n&#8211; Benutzung der Werkstatt mit Bike-spezifischem Werkzeug und Montagevorrichtung<\/p>\n<p>&nbsp;<\/p>\n<p>Reservierung: <a href=\"mailto:reservations@grimentz-zinal.ch\">reservations@grimentz-zinal.ch<\/a> mit dem Vermerk &#8222;Fahrradangebot Hotel Europa&#8220;.<\/p>\n<\/div>\n                                <a href=\"mailto:reservations@grimentz-zinal.ch\"  class=\"btn btn-primary mt-xs-30\">Das Angebot nutzen<\/a>\n                            <\/div>\n        <\/div>\n        <div class=\"c-block-text-image__image parallax-up cell-x-xs-1-14 cell-x-sm-2-9 cell-y-xs-1-1 cell-y-sm-1-2 vert-flex\">\n            <img decoding=\"async\" src=\"https:\/\/europezinal.ch\/wp-content\/uploads\/2022\/05\/P1080189_low.jpg\" alt=\"\" width=1130>\n        <\/div>\n    <\/div>\n<\/section>\n\n\n\n\n<section id=\"banner-block_8b7e0c0a3cc7598c8e3e3f8fa45e99b4\" class=\"c-block-text-image mb-md-150 mb-xs-70 alignright\">\n    <div class=\"c-block-text-image__grid grid\">\n        <div class=\"c-block-text-image__text-container cell-x-xs-2-12 cell-x-sm-2-7 cell-y-xs-2-1 cell-y-sm-1-2 cell-front vert-flex\">\n            <div class=\"c-block-text-image__text\">\n                <div><h2><strong><span style=\"color: #93d500;\">Den Winter in einem malerischen Bergdorf entdecken<\/span><\/strong><\/h2>\n<p>\u2013 2 N\u00e4chte im Doppelzimmer<br \/>\n\u2013 Halbpension<br \/>\n\u2013 Willkommensgetr\u00e4nk an Anreise<br \/>\n\u2013 Ben\u00fctzung des Wellnessbereiches<\/p>\n<p>&nbsp;<\/p>\n<p>Reservierung: <a href=\"mailto:reservations@grimentz-zinal.ch\">reservations@grimentz-zinal.ch<\/a> mit dem Vermerk &#8220; Herbstangebot Hotel Europa&#8220;<\/p>\n<\/div>\n                                <a href=\"mailto:reservations@grimentz-zinal.ch\"  class=\"btn btn-primary mt-xs-30\">Das Angebot nutzen<\/a>\n                            <\/div>\n        <\/div>\n        <div class=\"c-block-text-image__image parallax-up cell-x-xs-1-14 cell-x-sm-5-9 cell-y-xs-1-1 cell-y-sm-1-2 vert-flex\">\n            <img decoding=\"async\" src=\"https:\/\/europezinal.ch\/wp-content\/uploads\/2025\/02\/DJI_0129-1-1-1-compresse.jpg\" alt=\"\" width=1130>\n        <\/div>\n    <\/div>\n<\/section>\n\n\n\n\n<aside id=\"banner-block_ecf6737f5615e5b5344e8269de367680\" class=\"c-block-banner-cta  my-md-120 my-xs-70\">\n    <div class=\"c container\">\n        <div class=\"banner-cta__content\">\n            <div class=\"banner-cta__figure\">\n              \n                5%\n                <span><\/span>\n             \n               \n            <\/div>\n            <div class=\"banner-cta__text\">\n                <h2>Buchen Sie online auf unserer Website<\/h2>\n<p>Wenn Sie Ihr Zimmer direkt buchen, garantieren wir Ihnen den besten Preis!<br \/>\nProfitieren Sie au\u00dferdem bei einer Online-Buchung \u00fcber unsere Website von einem Rabatt von 5%.<\/p>\n            <\/div>\n            <div class=\"banner-cta__button\">\n                <a href=\"#booking\"  class=\"btn btn-cta\">Jetzt buchen<\/a>\n            <\/div>\n        <\/div>\n    <\/div>\n<\/aside>\n\n\n<div class=\"wp-block-group pt-xs-70 bg--gray-light\"><div class=\"wp-block-group__inner-container is-layout-flow wp-block-group-is-layout-flow\">\n<h2 class=\"wp-block-heading has-text-align-center mb-xs-50\"><strong>Aktivit\u00e4ten<\/strong><\/h2>\n\n\n\n<div class=\"wp-block-columns is-layout-flex wp-container-core-columns-is-layout-9d6595d7 wp-block-columns-is-layout-flex\">\n<div class=\"wp-block-column is-layout-flow wp-block-column-is-layout-flow\">\n\n<div id=\"block-block_c270ed3f03596c94877b914c0f815d30\" class=\"c-block-service mb-md-60 mb-xs-40\">\n   \n    <div class=\"c-block-service__img\">\n        <img decoding=\"async\" src=\"https:\/\/europezinal.ch\/wp-content\/uploads\/2021\/12\/hotel-europe-zinal-contact-acces-picto-materiel-chaussure-marche.svg\" alt=\"\">\n    <\/div>\n    <div class=\"c-block-service__title\">\n        <h2 class=\"title__small\">Aktivit\u00e4ten in Anniviers<\/h2>\n    <\/div>\n    <div class=\"c-block-service__content\">\n        <ul>\n<li style=\"text-align: center;\"><a href=\"http:\/\/www.valdanniviers.ch\/\" target=\"_blank\" rel=\"noopener\">Unsere Gegend, Val d&#8217;Anniviers<\/a><\/li>\n<\/ul>\n    <\/div>\n       \n<\/div>\n<\/div>\n\n\n\n<div class=\"wp-block-column is-layout-flow wp-block-column-is-layout-flow\">\n\n<div id=\"block-block_cadb2487481d1bab6a97c140469bda47\" class=\"c-block-service mb-md-60 mb-xs-40\">\n   \n    <div class=\"c-block-service__img\">\n        <img decoding=\"async\" src=\"https:\/\/europezinal.ch\/wp-content\/uploads\/2021\/12\/hotel-europe-zinal-contact-acces-picto-materiel-ski.svg\" alt=\"\">\n    <\/div>\n    <div class=\"c-block-service__title\">\n        <h2 class=\"title__small\">Ihre Ausr\u00fcstung<\/h2>\n    <\/div>\n    <div class=\"c-block-service__content\">\n        <ul>\n<li style=\"text-align: center;\"><a href=\"https:\/\/www.skiset.co.uk\/partner\/rmzinal\" target=\"_blank\" rel=\"noopener\">Skiset Olympia Sports, Zinal<\/a><\/li>\n<li style=\"text-align: center;\"><a href=\"http:\/\/www.intersportrent.ch\/en\/shop\/shop\/index?select_dealer=13617\" target=\"_blank\" rel=\"noopener\">Intersport Zinal Sports, Zinal<\/a><\/li>\n<\/ul>\n    <\/div>\n       \n<\/div>\n<\/div>\n\n\n\n<div class=\"wp-block-column is-layout-flow wp-block-column-is-layout-flow\">\n\n<div id=\"block-block_1d1fc1f05f35287259c5eea2e109d72a\" class=\"c-block-service mb-md-60 mb-xs-40\">\n   \n    <div class=\"c-block-service__img\">\n        <img decoding=\"async\" src=\"https:\/\/europezinal.ch\/wp-content\/uploads\/2021\/12\/hotel-europe-zinal-contact-acces-picto-skieur.svg\" alt=\"\">\n    <\/div>\n    <div class=\"c-block-service__title\">\n        <h2 class=\"title__small\">Skischule<\/h2>\n    <\/div>\n    <div class=\"c-block-service__content\">\n        <ul>\n<li style=\"text-align: center;\"><a href=\"http:\/\/ess-zinal.ch\/\" target=\"_blank\" rel=\"noopener\">Ecole Suisse de ski, Zinal<\/a><\/li>\n<\/ul>\n    <\/div>\n       \n<\/div>\n<\/div>\n\n\n\n<div class=\"wp-block-column is-layout-flow wp-block-column-is-layout-flow\">\n\n<div id=\"block-block_a1be6f9362399671cc1f09f710ef2876\" class=\"c-block-service mb-md-60 mb-xs-40\">\n   \n    <div class=\"c-block-service__img\">\n        <img decoding=\"async\" src=\"https:\/\/europezinal.ch\/wp-content\/uploads\/2021\/12\/hotel-europe-zinal-contact-acces-picto-partenaire.svg\" alt=\"\">\n    <\/div>\n    <div class=\"c-block-service__title\">\n        <h2 class=\"title__small\">Partnerhotels<\/h2>\n    <\/div>\n    <div class=\"c-block-service__content\">\n        <ul>\n<li style=\"text-align: center;\"><a href=\"http:\/\/cinq4000.ch\/\" target=\"_blank\" rel=\"noopener\">H\u00f4tels Cinq 4000<\/a><\/li>\n<li style=\"text-align: center;\"><a href=\"https:\/\/alpina-grimentz.com\/?skd-language-code=de\">H\u00f4tel Alpina<\/a><\/li>\n<li style=\"text-align: center;\"><a href=\"https:\/\/le-besso.ch\/?skd-language-code=de\">H\u00f4tel Le Besso<\/a><\/li>\n<li style=\"text-align: center;\"><a href=\"https:\/\/cristal-grimentz.ch\/?skd-language-code=de\">H\u00f4tel Cristal<\/a><\/li>\n<li style=\"text-align: center;\"><a href=\"https:\/\/lapointedezinal.ch\/?skd-language-code=de#notre-hotel-swiss-sport-lodge\">H\u00f4tel La Pointe<\/a><\/li>\n<\/ul>\n    <\/div>\n       \n<\/div>\n<\/div>\n<\/div>\n<\/div><\/div>\n","protected":false},"excerpt":{"rendered":"<p>Aktivit\u00e4ten<\/p>\n","protected":false},"author":1,"featured_media":0,"parent":0,"menu_order":0,"comment_status":"closed","ping_status":"closed","template":"","meta":{"_acf_changed":false,"footnotes":""},"class_list":["post-316","page","type-page","status-publish","hentry"],"acf":[],"yoast_head":"<!-- This site is optimized with the Yoast SEO plugin v26.1.1 - https:\/\/yoast.com\/wordpress\/plugins\/seo\/ -->\n<title>Hotel Val d&#039;Anniviers, entdecke unsere Angebote | Hotel Europa<\/title>\n<meta name=\"description\" content=\"Profitieren Sie von unseren Sonderangeboten in unserem Hotel im Herzen des Val d&#039;Anniviers. Genie\u00dfen Sie einen Familienurlaub im Zentrum von Zinal! Entdecken.\" \/>\n<meta name=\"robots\" content=\"index, follow, max-snippet:-1, max-image-preview:large, max-video-preview:-1\" \/>\n<link rel=\"canonical\" href=\"https:\/\/europezinal.ch\/de\/unsere-angebote\/\" \/>\n<meta property=\"og:locale\" content=\"de_DE\" \/>\n<meta property=\"og:type\" content=\"article\" \/>\n<meta property=\"og:title\" content=\"Hotel Val d&#039;Anniviers, entdecke unsere Angebote | Hotel Europa\" \/>\n<meta property=\"og:description\" content=\"Profitieren Sie von unseren Sonderangeboten in unserem Hotel im Herzen des Val d&#039;Anniviers. Genie\u00dfen Sie einen Familienurlaub im Zentrum von Zinal! Entdecken.\" \/>\n<meta property=\"og:url\" content=\"https:\/\/europezinal.ch\/de\/unsere-angebote\/\" \/>\n<meta property=\"og:site_name\" content=\"Hotel Europe Zinal\" \/>\n<meta property=\"article:modified_time\" content=\"2026-04-20T08:16:09+00:00\" \/>\n<meta name=\"twitter:card\" content=\"summary_large_image\" \/>\n<meta name=\"twitter:label1\" content=\"Gesch\u00e4tzte Lesezeit\" \/>\n\t<meta name=\"twitter:data1\" content=\"1\u00a0Minute\" \/>\n<script type=\"application\/ld+json\" class=\"yoast-schema-graph\">{\"@context\":\"https:\/\/schema.org\",\"@graph\":[{\"@type\":\"WebPage\",\"@id\":\"https:\/\/europezinal.ch\/de\/unsere-angebote\/\",\"url\":\"https:\/\/europezinal.ch\/de\/unsere-angebote\/\",\"name\":\"Hotel Val d'Anniviers, entdecke unsere Angebote | Hotel Europa\",\"isPartOf\":{\"@id\":\"https:\/\/europezinal.ch\/#website\"},\"datePublished\":\"2021-12-15T19:42:46+00:00\",\"dateModified\":\"2026-04-20T08:16:09+00:00\",\"description\":\"Profitieren Sie von unseren Sonderangeboten in unserem Hotel im Herzen des Val d'Anniviers. Genie\u00dfen Sie einen Familienurlaub im Zentrum von Zinal! Entdecken.\",\"breadcrumb\":{\"@id\":\"https:\/\/europezinal.ch\/de\/unsere-angebote\/#breadcrumb\"},\"inLanguage\":\"de\",\"potentialAction\":[{\"@type\":\"ReadAction\",\"target\":[\"https:\/\/europezinal.ch\/de\/unsere-angebote\/\"]}]},{\"@type\":\"BreadcrumbList\",\"@id\":\"https:\/\/europezinal.ch\/de\/unsere-angebote\/#breadcrumb\",\"itemListElement\":[{\"@type\":\"ListItem\",\"position\":1,\"name\":\"Accueil\",\"item\":\"https:\/\/europezinal.ch\/de\/\"},{\"@type\":\"ListItem\",\"position\":2,\"name\":\"Angebote\"}]},{\"@type\":\"WebSite\",\"@id\":\"https:\/\/europezinal.ch\/#website\",\"url\":\"https:\/\/europezinal.ch\/\",\"name\":\"Hotel Europe Zinal\",\"description\":\"SWISS COMFORT LODGE\",\"publisher\":{\"@id\":\"https:\/\/europezinal.ch\/#organization\"},\"potentialAction\":[{\"@type\":\"SearchAction\",\"target\":{\"@type\":\"EntryPoint\",\"urlTemplate\":\"https:\/\/europezinal.ch\/?s={search_term_string}\"},\"query-input\":{\"@type\":\"PropertyValueSpecification\",\"valueRequired\":true,\"valueName\":\"search_term_string\"}}],\"inLanguage\":\"de\"},{\"@type\":\"Organization\",\"@id\":\"https:\/\/europezinal.ch\/#organization\",\"name\":\"Hotel Europe Zinal\",\"url\":\"https:\/\/europezinal.ch\/\",\"logo\":{\"@type\":\"ImageObject\",\"inLanguage\":\"de\",\"@id\":\"https:\/\/europezinal.ch\/#\/schema\/logo\/image\/\",\"url\":\"https:\/\/europezinal.ch\/wp-content\/uploads\/2021\/12\/hotel-europe-zinal-logo-menu.svg\",\"contentUrl\":\"https:\/\/europezinal.ch\/wp-content\/uploads\/2021\/12\/hotel-europe-zinal-logo-menu.svg\",\"width\":190,\"height\":72,\"caption\":\"Hotel Europe Zinal\"},\"image\":{\"@id\":\"https:\/\/europezinal.ch\/#\/schema\/logo\/image\/\"}}]}<\/script>\n<!-- \/ Yoast SEO plugin. -->","yoast_head_json":{"title":"Hotel Val d'Anniviers, entdecke unsere Angebote | Hotel Europa","description":"Profitieren Sie von unseren Sonderangeboten in unserem Hotel im Herzen des Val d'Anniviers. Genie\u00dfen Sie einen Familienurlaub im Zentrum von Zinal! Entdecken.","robots":{"index":"index","follow":"follow","max-snippet":"max-snippet:-1","max-image-preview":"max-image-preview:large","max-video-preview":"max-video-preview:-1"},"canonical":"https:\/\/europezinal.ch\/de\/unsere-angebote\/","og_locale":"de_DE","og_type":"article","og_title":"Hotel Val d'Anniviers, entdecke unsere Angebote | Hotel Europa","og_description":"Profitieren Sie von unseren Sonderangeboten in unserem Hotel im Herzen des Val d'Anniviers. Genie\u00dfen Sie einen Familienurlaub im Zentrum von Zinal! Entdecken.","og_url":"https:\/\/europezinal.ch\/de\/unsere-angebote\/","og_site_name":"Hotel Europe Zinal","article_modified_time":"2026-04-20T08:16:09+00:00","twitter_card":"summary_large_image","twitter_misc":{"Gesch\u00e4tzte Lesezeit":"1\u00a0Minute"},"schema":{"@context":"https:\/\/schema.org","@graph":[{"@type":"WebPage","@id":"https:\/\/europezinal.ch\/de\/unsere-angebote\/","url":"https:\/\/europezinal.ch\/de\/unsere-angebote\/","name":"Hotel Val d'Anniviers, entdecke unsere Angebote | Hotel Europa","isPartOf":{"@id":"https:\/\/europezinal.ch\/#website"},"datePublished":"2021-12-15T19:42:46+00:00","dateModified":"2026-04-20T08:16:09+00:00","description":"Profitieren Sie von unseren Sonderangeboten in unserem Hotel im Herzen des Val d'Anniviers. Genie\u00dfen Sie einen Familienurlaub im Zentrum von Zinal! Entdecken.","breadcrumb":{"@id":"https:\/\/europezinal.ch\/de\/unsere-angebote\/#breadcrumb"},"inLanguage":"de","potentialAction":[{"@type":"ReadAction","target":["https:\/\/europezinal.ch\/de\/unsere-angebote\/"]}]},{"@type":"BreadcrumbList","@id":"https:\/\/europezinal.ch\/de\/unsere-angebote\/#breadcrumb","itemListElement":[{"@type":"ListItem","position":1,"name":"Accueil","item":"https:\/\/europezinal.ch\/de\/"},{"@type":"ListItem","position":2,"name":"Angebote"}]},{"@type":"WebSite","@id":"https:\/\/europezinal.ch\/#website","url":"https:\/\/europezinal.ch\/","name":"Hotel Europe Zinal","description":"SWISS COMFORT LODGE","publisher":{"@id":"https:\/\/europezinal.ch\/#organization"},"potentialAction":[{"@type":"SearchAction","target":{"@type":"EntryPoint","urlTemplate":"https:\/\/europezinal.ch\/?s={search_term_string}"},"query-input":{"@type":"PropertyValueSpecification","valueRequired":true,"valueName":"search_term_string"}}],"inLanguage":"de"},{"@type":"Organization","@id":"https:\/\/europezinal.ch\/#organization","name":"Hotel Europe Zinal","url":"https:\/\/europezinal.ch\/","logo":{"@type":"ImageObject","inLanguage":"de","@id":"https:\/\/europezinal.ch\/#\/schema\/logo\/image\/","url":"https:\/\/europezinal.ch\/wp-content\/uploads\/2021\/12\/hotel-europe-zinal-logo-menu.svg","contentUrl":"https:\/\/europezinal.ch\/wp-content\/uploads\/2021\/12\/hotel-europe-zinal-logo-menu.svg","width":190,"height":72,"caption":"Hotel Europe Zinal"},"image":{"@id":"https:\/\/europezinal.ch\/#\/schema\/logo\/image\/"}}]}},"_links":{"self":[{"href":"https:\/\/europezinal.ch\/de\/wp-json\/wp\/v2\/pages\/316","targetHints":{"allow":["GET"]}}],"collection":[{"href":"https:\/\/europezinal.ch\/de\/wp-json\/wp\/v2\/pages"}],"about":[{"href":"https:\/\/europezinal.ch\/de\/wp-json\/wp\/v2\/types\/page"}],"author":[{"embeddable":true,"href":"https:\/\/europezinal.ch\/de\/wp-json\/wp\/v2\/users\/1"}],"replies":[{"embeddable":true,"href":"https:\/\/europezinal.ch\/de\/wp-json\/wp\/v2\/comments?post=316"}],"version-history":[{"count":84,"href":"https:\/\/europezinal.ch\/de\/wp-json\/wp\/v2\/pages\/316\/revisions"}],"predecessor-version":[{"id":2014,"href":"https:\/\/europezinal.ch\/de\/wp-json\/wp\/v2\/pages\/316\/revisions\/2014"}],"wp:attachment":[{"href":"https:\/\/europezinal.ch\/de\/wp-json\/wp\/v2\/media?parent=316"}],"curies":[{"name":"wp","href":"https:\/\/api.w.org\/{rel}","templated":true}]}}